{"id":1821,"date":"2024-05-23T13:06:18","date_gmt":"2024-05-23T11:06:18","guid":{"rendered":"https:\/\/grupofuenclara.com\/?page_id=1821"},"modified":"2024-07-29T11:43:33","modified_gmt":"2024-07-29T09:43:33","slug":"latas","status":"publish","type":"page","link":"https:\/\/grupofuenclara.com\/en\/latas\/","title":{"rendered":"LATAS"},"content":{"rendered":"<div data-elementor-type=\"wp-page\" data-elementor-id=\"1821\" class=\"elementor elementor-1821\" data-elementor-post-type=\"page\">\n\t\t\t\t\t\t<section class=\"elementor-section elementor-top-section elementor-element elementor-element-f23b8c8 elementor-section-full_width elementor-section-height-min-height elementor-section-height-default elementor-section-items-middle\" data-id=\"f23b8c8\" data-element_type=\"section\" data-settings=\"{&quot;background_background&quot;:&quot;classic&quot;}\">\n\t\t\t\t\t\t\t<div class=\"elementor-background-overlay\"><\/div>\n\t\t\t\t\t\t\t<div class=\"elementor-container elementor-column-gap-default\">\n\t\t\t\t\t<div class=\"elementor-column elementor-col-100 elementor-top-column elementor-element elementor-element-f18ad0c\" data-id=\"f18ad0c\" data-element_type=\"column\">\n\t\t\t<div class=\"elementor-widget-wrap elementor-element-populated\">\n\t\t\t\t\t\t<section class=\"elementor-section elementor-inner-section elementor-element elementor-element-086c258 elementor-section-full_width elementor-section-height-default elementor-section-height-default\" data-id=\"086c258\" data-element_type=\"section\">\n\t\t\t\t\t\t<div class=\"elementor-container elementor-column-gap-no\">\n\t\t\t\t\t<div class=\"elementor-column elementor-col-50 elementor-inner-column elementor-element elementor-element-bb790b8\" data-id=\"bb790b8\" data-element_type=\"column\">\n\t\t\t<div class=\"elementor-widget-wrap elementor-element-populated\">\n\t\t\t\t\t\t<div class=\"elementor-element elementor-element-e3c6449 elementor-widget elementor-widget-image\" data-id=\"e3c6449\" data-element_type=\"widget\" data-widget_type=\"image.default\">\n\t\t\t\t<div class=\"elementor-widget-container\">\n\t\t\t\t\t\t\t\t\t\t\t\t\t\t\t<img fetchpriority=\"high\" decoding=\"async\" width=\"1024\" height=\"1024\" src=\"https:\/\/grupofuenclara.com\/wp-content\/uploads\/2024\/05\/LATAS-vermu-aperitivos-1024x1024.png\" class=\"attachment-large size-large wp-image-1824\" alt=\"LATAS vermu aperitivos\" srcset=\"https:\/\/grupofuenclara.com\/wp-content\/uploads\/2024\/05\/LATAS-vermu-aperitivos-1024x1024.png 1024w, https:\/\/grupofuenclara.com\/wp-content\/uploads\/2024\/05\/LATAS-vermu-aperitivos-300x300.png 300w, https:\/\/grupofuenclara.com\/wp-content\/uploads\/2024\/05\/LATAS-vermu-aperitivos-150x150.png 150w, https:\/\/grupofuenclara.com\/wp-content\/uploads\/2024\/05\/LATAS-vermu-aperitivos-768x768.png 768w, https:\/\/grupofuenclara.com\/wp-content\/uploads\/2024\/05\/LATAS-vermu-aperitivos-1536x1536.png 1536w, https:\/\/grupofuenclara.com\/wp-content\/uploads\/2024\/05\/LATAS-vermu-aperitivos-2048x2048.png 2048w, https:\/\/grupofuenclara.com\/wp-content\/uploads\/2024\/05\/LATAS-vermu-aperitivos-12x12.png 12w\" sizes=\"(max-width: 1024px) 100vw, 1024px\" \/>\t\t\t\t\t\t\t\t\t\t\t\t\t\t\t<\/div>\n\t\t\t\t<\/div>\n\t\t\t\t\t<\/div>\n\t\t<\/div>\n\t\t\t\t<div class=\"elementor-column elementor-col-50 elementor-inner-column elementor-element elementor-element-f4cd225\" data-id=\"f4cd225\" data-element_type=\"column\">\n\t\t\t<div class=\"elementor-widget-wrap elementor-element-populated\">\n\t\t\t\t\t\t<div class=\"elementor-element elementor-element-7184bab elementor-widget elementor-widget-heading\" data-id=\"7184bab\" data-element_type=\"widget\" data-widget_type=\"heading.default\">\n\t\t\t\t<div class=\"elementor-widget-container\">\n\t\t\t\t\t<h1 class=\"elementor-heading-title elementor-size-default\"><b>LATAS<\/b>, verm\u00fa y aperitivos<\/h1>\t\t\t\t<\/div>\n\t\t\t\t<\/div>\n\t\t\t\t<div class=\"elementor-element elementor-element-229b9f0 elementor-widget elementor-widget-text-editor\" data-id=\"229b9f0\" data-element_type=\"widget\" data-widget_type=\"text-editor.default\">\n\t\t\t\t<div class=\"elementor-widget-container\">\n\t\t\t\t\t\t\t\t\t<p>Terraza para degustar los cl\u00e1sicos verm\u00fas y aperitivos con un concepto enfocado en el \u2018later\u00edo\u2019 y los \u2018vinagrillos\u2019 en el Parque Grande de Zaragoza.<\/p>\t\t\t\t\t\t\t\t<\/div>\n\t\t\t\t<\/div>\n\t\t\t\t\t<\/div>\n\t\t<\/div>\n\t\t\t\t\t<\/div>\n\t\t<\/section>\n\t\t\t\t\t<\/div>\n\t\t<\/div>\n\t\t\t\t\t<\/div>\n\t\t<\/section>\n\t\t\t\t<section class=\"elementor-section elementor-top-section elementor-element elementor-element-9d1a65f elementor-section-full_width elementor-section-height-default elementor-section-height-default\" data-id=\"9d1a65f\" data-element_type=\"section\" data-settings=\"{&quot;background_background&quot;:&quot;classic&quot;}\">\n\t\t\t\t\t\t<div class=\"elementor-container elementor-column-gap-no\">\n\t\t\t\t\t<div class=\"elementor-column elementor-col-66 elementor-top-column elementor-element elementor-element-f9df196\" data-id=\"f9df196\" data-element_type=\"column\">\n\t\t\t<div class=\"elementor-widget-wrap elementor-element-populated\">\n\t\t\t\t\t\t<div class=\"elementor-element elementor-element-e0fb3be elementor-widget elementor-widget-heading\" data-id=\"e0fb3be\" data-element_type=\"widget\" data-widget_type=\"heading.default\">\n\t\t\t\t<div class=\"elementor-widget-container\">\n\t\t\t\t\t<h2 class=\"elementor-heading-title elementor-size-default\">PARQUE GRANDE<\/h2>\t\t\t\t<\/div>\n\t\t\t\t<\/div>\n\t\t\t\t<div class=\"elementor-element elementor-element-89513a4 elementor-widget elementor-widget-text-editor\" data-id=\"89513a4\" data-element_type=\"widget\" data-widget_type=\"text-editor.default\">\n\t\t\t\t<div class=\"elementor-widget-container\">\n\t\t\t\t\t\t\t\t\t<p>Caracter\u00edstico establecimiento por su forma cil\u00edndrica y cubierta abovedada ubicado junto al R\u00edo Huerva, <strong>LATAS<\/strong> permite degustar a todo el que se acerque a su acogedora <strong>terraza<\/strong> los tan cl\u00e1sicos <strong>verm\u00fas<\/strong>, <strong>aperitivos<\/strong>, cerveza y refrescos que tradicionalmente se han demandado en este emplazamiento \u00fanico de la ciudad. Todo ello, con un concepto enfocado en el \u2018<strong>later\u00edo<\/strong>\u2019 y los \u2018<strong>vinagrillos<\/strong>\u2019.<\/p>\t\t\t\t\t\t\t\t<\/div>\n\t\t\t\t<\/div>\n\t\t\t\t<div class=\"elementor-element elementor-element-35fead0 elementor-icon-list--layout-traditional elementor-list-item-link-full_width elementor-widget elementor-widget-icon-list\" data-id=\"35fead0\" data-element_type=\"widget\" data-widget_type=\"icon-list.default\">\n\t\t\t\t<div class=\"elementor-widget-container\">\n\t\t\t\t\t\t\t<ul class=\"elementor-icon-list-items\">\n\t\t\t\t\t\t\t<li class=\"elementor-icon-list-item\">\n\t\t\t\t\t\t\t\t\t\t\t<span class=\"elementor-icon-list-icon\">\n\t\t\t\t\t\t\t<i aria-hidden=\"true\" class=\"fas fa-clock\"><\/i>\t\t\t\t\t\t<\/span>\n\t\t\t\t\t\t\t\t\t\t<span class=\"elementor-icon-list-text\"><b>Schedule:<\/b> Abierto<\/span>\n\t\t\t\t\t\t\t\t\t<\/li>\n\t\t\t\t\t\t\t\t<li class=\"elementor-icon-list-item\">\n\t\t\t\t\t\t\t\t\t\t\t<span class=\"elementor-icon-list-icon\">\n\t\t\t\t\t\t\t<i aria-hidden=\"true\" class=\"fas fa-map-marker-alt\"><\/i>\t\t\t\t\t\t<\/span>\n\t\t\t\t\t\t\t\t\t\t<span class=\"elementor-icon-list-text\"><b>Location:<\/b>  P.\u00ba de Manuel Aza\u00f1a, 50006, Zaragoza<\/span>\n\t\t\t\t\t\t\t\t\t<\/li>\n\t\t\t\t\t\t<\/ul>\n\t\t\t\t\t\t<\/div>\n\t\t\t\t<\/div>\n\t\t\t\t\t<\/div>\n\t\t<\/div>\n\t\t\t\t<div class=\"elementor-column elementor-col-33 elementor-top-column elementor-element elementor-element-172a979\" data-id=\"172a979\" data-element_type=\"column\" data-settings=\"{&quot;background_background&quot;:&quot;classic&quot;}\">\n\t\t\t<div class=\"elementor-widget-wrap elementor-element-populated\">\n\t\t\t\t\t\t<div class=\"elementor-element elementor-element-c7af76b elementor-widget elementor-widget-spacer\" data-id=\"c7af76b\" data-element_type=\"widget\" data-widget_type=\"spacer.default\">\n\t\t\t\t<div class=\"elementor-widget-container\">\n\t\t\t\t\t\t\t<div class=\"elementor-spacer\">\n\t\t\t<div class=\"elementor-spacer-inner\"><\/div>\n\t\t<\/div>\n\t\t\t\t\t\t<\/div>\n\t\t\t\t<\/div>\n\t\t\t\t\t<\/div>\n\t\t<\/div>\n\t\t\t\t\t<\/div>\n\t\t<\/section>\n\t\t\t\t<section class=\"elementor-section elementor-top-section elementor-element elementor-element-3fce6ee elementor-section-full_width elementor-section-height-default elementor-section-height-default\" data-id=\"3fce6ee\" data-element_type=\"section\">\n\t\t\t\t\t\t<div class=\"elementor-container elementor-column-gap-no\">\n\t\t\t\t\t<div class=\"elementor-column elementor-col-100 elementor-top-column elementor-element elementor-element-8fccb15\" data-id=\"8fccb15\" data-element_type=\"column\">\n\t\t\t<div class=\"elementor-widget-wrap elementor-element-populated\">\n\t\t\t\t\t\t<div class=\"elementor-element elementor-element-4183cf1 elementor-widget elementor-widget-google_maps\" data-id=\"4183cf1\" data-element_type=\"widget\" data-widget_type=\"google_maps.default\">\n\t\t\t\t<div class=\"elementor-widget-container\">\n\t\t\t\t\t\t\t<div class=\"elementor-custom-embed\">\n\t\t\t<iframe loading=\"lazy\"\n\t\t\t\t\tsrc=\"https:\/\/maps.google.com\/maps?q=latas%20rio%20huerva&#038;t=m&#038;z=16&#038;output=embed&#038;iwloc=near\"\n\t\t\t\t\ttitle=\"latas rio huerva\"\n\t\t\t\t\taria-label=\"latas rio huerva\"\n\t\t\t><\/iframe>\n\t\t<\/div>\n\t\t\t\t\t\t<\/div>\n\t\t\t\t<\/div>\n\t\t\t\t\t<\/div>\n\t\t<\/div>\n\t\t\t\t\t<\/div>\n\t\t<\/section>\n\t\t\t\t<\/div>","protected":false},"excerpt":{"rendered":"<p>LATAS, verm\u00fa y aperitivos Terraza para degustar los cl\u00e1sicos verm\u00fas y aperitivos con un concepto enfocado en el \u2018later\u00edo\u2019 y los \u2018vinagrillos\u2019 en el Parque Grande de Zaragoza. PARQUE GRANDE Caracter\u00edstico establecimiento por su forma cil\u00edndrica y cubierta abovedada ubicado junto al R\u00edo Huerva, LATAS permite degustar a todo el que se acerque a su &#8230; <a title=\"LATAS\" class=\"read-more\" href=\"https:\/\/grupofuenclara.com\/en\/latas\/\" aria-label=\"Read more about LATAS\">Read more<\/a><\/p>","protected":false},"author":3,"featured_media":0,"parent":0,"menu_order":0,"comment_status":"closed","ping_status":"closed","template":"elementor_header_footer","meta":{"footnotes":""},"class_list":["post-1821","page","type-page","status-publish"],"yoast_head":"<!-- This site is optimized with the Yoast SEO plugin v26.5 - https:\/\/yoast.com\/wordpress\/plugins\/seo\/ -->\n<title>LATAS, Verm\u00fa y Aperitivos - Grupo Fuenclara<\/title>\n<meta name=\"description\" content=\"Terraza para degustar los cl\u00e1sicos verm\u00fas y aperitivos con un concepto enfocado en el \u2018later\u00edo\u2019 y los \u2018vinagrillos\u2019 en el Parque Grande.\" \/>\n<meta name=\"robots\" content=\"index, follow, max-snippet:-1, max-image-preview:large, max-video-preview:-1\" \/>\n<link rel=\"canonical\" href=\"https:\/\/grupofuenclara.com\/en\/latas\/\" \/>\n<meta property=\"og:locale\" content=\"en_GB\" \/>\n<meta property=\"og:type\" content=\"article\" \/>\n<meta property=\"og:title\" content=\"LATAS, Verm\u00fa y Aperitivos - Grupo Fuenclara\" \/>\n<meta property=\"og:description\" content=\"Terraza para degustar los cl\u00e1sicos verm\u00fas y aperitivos con un concepto enfocado en el \u2018later\u00edo\u2019 y los \u2018vinagrillos\u2019 en el Parque Grande.\" \/>\n<meta property=\"og:url\" content=\"https:\/\/grupofuenclara.com\/en\/latas\/\" \/>\n<meta property=\"og:site_name\" content=\"grupofuenclara.com\" \/>\n<meta property=\"article:modified_time\" content=\"2024-07-29T09:43:33+00:00\" \/>\n<meta property=\"og:image\" content=\"https:\/\/grupofuenclara.com\/wp-content\/uploads\/2024\/05\/LATAS-vermu-aperitivos-1024x1024.png\" \/>\n<meta name=\"twitter:card\" content=\"summary_large_image\" \/>\n<meta name=\"twitter:label1\" content=\"Estimated reading time\" \/>\n\t<meta name=\"twitter:data1\" content=\"1 minute\" \/>\n<script type=\"application\/ld+json\" class=\"yoast-schema-graph\">{\"@context\":\"https:\/\/schema.org\",\"@graph\":[{\"@type\":\"WebPage\",\"@id\":\"https:\/\/grupofuenclara.com\/latas\/\",\"url\":\"https:\/\/grupofuenclara.com\/latas\/\",\"name\":\"LATAS, Verm\u00fa y Aperitivos - Grupo Fuenclara\",\"isPartOf\":{\"@id\":\"https:\/\/grupofuenclara.com\/#website\"},\"primaryImageOfPage\":{\"@id\":\"https:\/\/grupofuenclara.com\/latas\/#primaryimage\"},\"image\":{\"@id\":\"https:\/\/grupofuenclara.com\/latas\/#primaryimage\"},\"thumbnailUrl\":\"https:\/\/grupofuenclara.com\/wp-content\/uploads\/2024\/05\/LATAS-vermu-aperitivos-1024x1024.png\",\"datePublished\":\"2024-05-23T11:06:18+00:00\",\"dateModified\":\"2024-07-29T09:43:33+00:00\",\"description\":\"Terraza para degustar los cl\u00e1sicos verm\u00fas y aperitivos con un concepto enfocado en el \u2018later\u00edo\u2019 y los \u2018vinagrillos\u2019 en el Parque Grande.\",\"breadcrumb\":{\"@id\":\"https:\/\/grupofuenclara.com\/latas\/#breadcrumb\"},\"inLanguage\":\"en-GB\",\"potentialAction\":[{\"@type\":\"ReadAction\",\"target\":[\"https:\/\/grupofuenclara.com\/latas\/\"]}]},{\"@type\":\"ImageObject\",\"inLanguage\":\"en-GB\",\"@id\":\"https:\/\/grupofuenclara.com\/latas\/#primaryimage\",\"url\":\"https:\/\/grupofuenclara.com\/wp-content\/uploads\/2024\/05\/LATAS-vermu-aperitivos-1024x1024.png\",\"contentUrl\":\"https:\/\/grupofuenclara.com\/wp-content\/uploads\/2024\/05\/LATAS-vermu-aperitivos-1024x1024.png\"},{\"@type\":\"BreadcrumbList\",\"@id\":\"https:\/\/grupofuenclara.com\/latas\/#breadcrumb\",\"itemListElement\":[{\"@type\":\"ListItem\",\"position\":1,\"name\":\"Home\",\"item\":\"https:\/\/grupofuenclara.com\/\"},{\"@type\":\"ListItem\",\"position\":2,\"name\":\"LATAS\"}]},{\"@type\":\"WebSite\",\"@id\":\"https:\/\/grupofuenclara.com\/#website\",\"url\":\"https:\/\/grupofuenclara.com\/\",\"name\":\"grupofuenclara.com\",\"description\":\"\",\"publisher\":{\"@id\":\"https:\/\/grupofuenclara.com\/#organization\"},\"potentialAction\":[{\"@type\":\"SearchAction\",\"target\":{\"@type\":\"EntryPoint\",\"urlTemplate\":\"https:\/\/grupofuenclara.com\/?s={search_term_string}\"},\"query-input\":{\"@type\":\"PropertyValueSpecification\",\"valueRequired\":true,\"valueName\":\"search_term_string\"}}],\"inLanguage\":\"en-GB\"},{\"@type\":\"Organization\",\"@id\":\"https:\/\/grupofuenclara.com\/#organization\",\"name\":\"grupofuenclara.com\",\"url\":\"https:\/\/grupofuenclara.com\/\",\"logo\":{\"@type\":\"ImageObject\",\"inLanguage\":\"en-GB\",\"@id\":\"https:\/\/grupofuenclara.com\/#\/schema\/logo\/image\/\",\"url\":\"https:\/\/grupofuenclara.com\/wp-content\/uploads\/2023\/05\/LOGO-FUENCLARA-ADAPTADO.png\",\"contentUrl\":\"https:\/\/grupofuenclara.com\/wp-content\/uploads\/2023\/05\/LOGO-FUENCLARA-ADAPTADO.png\",\"width\":180,\"height\":54,\"caption\":\"grupofuenclara.com\"},\"image\":{\"@id\":\"https:\/\/grupofuenclara.com\/#\/schema\/logo\/image\/\"}}]}<\/script>\n<!-- \/ Yoast SEO plugin. -->","yoast_head_json":{"title":"LATAS, Verm\u00fa y Aperitivos - Grupo Fuenclara","description":"Terraza para degustar los cl\u00e1sicos verm\u00fas y aperitivos con un concepto enfocado en el \u2018later\u00edo\u2019 y los \u2018vinagrillos\u2019 en el Parque Grande.","robots":{"index":"index","follow":"follow","max-snippet":"max-snippet:-1","max-image-preview":"max-image-preview:large","max-video-preview":"max-video-preview:-1"},"canonical":"https:\/\/grupofuenclara.com\/en\/latas\/","og_locale":"en_GB","og_type":"article","og_title":"LATAS, Verm\u00fa y Aperitivos - Grupo Fuenclara","og_description":"Terraza para degustar los cl\u00e1sicos verm\u00fas y aperitivos con un concepto enfocado en el \u2018later\u00edo\u2019 y los \u2018vinagrillos\u2019 en el Parque Grande.","og_url":"https:\/\/grupofuenclara.com\/en\/latas\/","og_site_name":"grupofuenclara.com","article_modified_time":"2024-07-29T09:43:33+00:00","og_image":[{"url":"https:\/\/grupofuenclara.com\/wp-content\/uploads\/2024\/05\/LATAS-vermu-aperitivos-1024x1024.png","type":"","width":"","height":""}],"twitter_card":"summary_large_image","twitter_misc":{"Estimated reading time":"1 minute"},"schema":{"@context":"https:\/\/schema.org","@graph":[{"@type":"WebPage","@id":"https:\/\/grupofuenclara.com\/latas\/","url":"https:\/\/grupofuenclara.com\/latas\/","name":"LATAS, Verm\u00fa y Aperitivos - Grupo Fuenclara","isPartOf":{"@id":"https:\/\/grupofuenclara.com\/#website"},"primaryImageOfPage":{"@id":"https:\/\/grupofuenclara.com\/latas\/#primaryimage"},"image":{"@id":"https:\/\/grupofuenclara.com\/latas\/#primaryimage"},"thumbnailUrl":"https:\/\/grupofuenclara.com\/wp-content\/uploads\/2024\/05\/LATAS-vermu-aperitivos-1024x1024.png","datePublished":"2024-05-23T11:06:18+00:00","dateModified":"2024-07-29T09:43:33+00:00","description":"Terraza para degustar los cl\u00e1sicos verm\u00fas y aperitivos con un concepto enfocado en el \u2018later\u00edo\u2019 y los \u2018vinagrillos\u2019 en el Parque Grande.","breadcrumb":{"@id":"https:\/\/grupofuenclara.com\/latas\/#breadcrumb"},"inLanguage":"en-GB","potentialAction":[{"@type":"ReadAction","target":["https:\/\/grupofuenclara.com\/latas\/"]}]},{"@type":"ImageObject","inLanguage":"en-GB","@id":"https:\/\/grupofuenclara.com\/latas\/#primaryimage","url":"https:\/\/grupofuenclara.com\/wp-content\/uploads\/2024\/05\/LATAS-vermu-aperitivos-1024x1024.png","contentUrl":"https:\/\/grupofuenclara.com\/wp-content\/uploads\/2024\/05\/LATAS-vermu-aperitivos-1024x1024.png"},{"@type":"BreadcrumbList","@id":"https:\/\/grupofuenclara.com\/latas\/#breadcrumb","itemListElement":[{"@type":"ListItem","position":1,"name":"Home","item":"https:\/\/grupofuenclara.com\/"},{"@type":"ListItem","position":2,"name":"LATAS"}]},{"@type":"WebSite","@id":"https:\/\/grupofuenclara.com\/#website","url":"https:\/\/grupofuenclara.com\/","name":"grupofuenclara.com","description":"","publisher":{"@id":"https:\/\/grupofuenclara.com\/#organization"},"potentialAction":[{"@type":"SearchAction","target":{"@type":"EntryPoint","urlTemplate":"https:\/\/grupofuenclara.com\/?s={search_term_string}"},"query-input":{"@type":"PropertyValueSpecification","valueRequired":true,"valueName":"search_term_string"}}],"inLanguage":"en-GB"},{"@type":"Organization","@id":"https:\/\/grupofuenclara.com\/#organization","name":"grupofuenclara.com","url":"https:\/\/grupofuenclara.com\/","logo":{"@type":"ImageObject","inLanguage":"en-GB","@id":"https:\/\/grupofuenclara.com\/#\/schema\/logo\/image\/","url":"https:\/\/grupofuenclara.com\/wp-content\/uploads\/2023\/05\/LOGO-FUENCLARA-ADAPTADO.png","contentUrl":"https:\/\/grupofuenclara.com\/wp-content\/uploads\/2023\/05\/LOGO-FUENCLARA-ADAPTADO.png","width":180,"height":54,"caption":"grupofuenclara.com"},"image":{"@id":"https:\/\/grupofuenclara.com\/#\/schema\/logo\/image\/"}}]}},"_links":{"self":[{"href":"https:\/\/grupofuenclara.com\/en\/wp-json\/wp\/v2\/pages\/1821","targetHints":{"allow":["GET"]}}],"collection":[{"href":"https:\/\/grupofuenclara.com\/en\/wp-json\/wp\/v2\/pages"}],"about":[{"href":"https:\/\/grupofuenclara.com\/en\/wp-json\/wp\/v2\/types\/page"}],"author":[{"embeddable":true,"href":"https:\/\/grupofuenclara.com\/en\/wp-json\/wp\/v2\/users\/3"}],"replies":[{"embeddable":true,"href":"https:\/\/grupofuenclara.com\/en\/wp-json\/wp\/v2\/comments?post=1821"}],"version-history":[{"count":17,"href":"https:\/\/grupofuenclara.com\/en\/wp-json\/wp\/v2\/pages\/1821\/revisions"}],"predecessor-version":[{"id":1885,"href":"https:\/\/grupofuenclara.com\/en\/wp-json\/wp\/v2\/pages\/1821\/revisions\/1885"}],"wp:attachment":[{"href":"https:\/\/grupofuenclara.com\/en\/wp-json\/wp\/v2\/media?parent=1821"}],"curies":[{"name":"wp","href":"https:\/\/api.w.org\/{rel}","templated":true}]}}